{"id":100,"date":"2020-07-22T18:20:46","date_gmt":"2020-07-22T16:20:46","guid":{"rendered":"https:\/\/www.achbelrezig.com\/fr\/?page_id=100"},"modified":"2020-07-25T20:27:04","modified_gmt":"2020-07-25T18:27:04","slug":"les-services","status":"publish","type":"page","link":"https:\/\/www.achbelrezig.com\/fr\/les-services\/","title":{"rendered":"Les services"},"content":{"rendered":"\n<p class=\"has-medium-font-size\"><br>Afin de fournir un service \u00e9ducatif solide, le complexe propose un certain nombre de services pour accompagner les \u00e9l\u00e8ves et assurer leur confort, afin de s&rsquo;assurer que les parents b\u00e9n\u00e9ficient d&rsquo;une prise en charge compl\u00e8te de leurs enfants, d\u00e8s leur arriv\u00e9e dans nos \u00e9coles jusqu&rsquo;\u00e0 leur d\u00e9part. Notre devoir professionnel d&rsquo;une part, et notre engagement envers les parents et envers le Minist\u00e8re de l&rsquo;\u00c9ducation Nationale nous font garder en notre esprit la mise en \u0153uvre des termes du cahier des charges, et viser l&rsquo;excellence qui nous garantit l&rsquo;enti\u00e8re satisfaction des parents de nos \u00e9l\u00e8ves. De la mise \u00e0 disposition d&rsquo;installations sanitaires, \u00e9ducatives et sportives, jusqu&rsquo;au moindre d\u00e9tail, le choix d&rsquo;outils p\u00e9dagogiques allant des chaises et des tables \u00e0 la qualit\u00e9 des accessoires de cuisine et autres espaces.<\/p>\n\n\n\n<p class=\"has-large-font-size\">Soins de sant\u00e9<\/p>\n\n\n\n<p class=\"has-medium-font-size\">Afin d&rsquo;assurer la sant\u00e9 des \u00e9tudiants, nous avons pr\u00e9par\u00e9 une salle sp\u00e9ciale pour les premiers soins contenant tout le n\u00e9cessaire pour le traitement et les soins infirmiers, ainsi que des s\u00e9ries de m\u00e9dicaments essentiels, de produits de nettoyage et de soins de sant\u00e9.<\/p>\n\n\n\n<p class=\"has-large-font-size\">Transport et alimentation<\/p>\n\n\n\n<p class=\"has-medium-font-size\">Le restaurant, \u00e9quip\u00e9 de mat\u00e9riel de cuisine et de restauration, propose tous les repas programm\u00e9s, et il est d\u00e9cor\u00e9 avec des dessins sur les murs de couleurs vives tout en donnant sur le jardin ext\u00e9rieur dans la cour.<br>Le restaurant est divis\u00e9 en deux parties, de sorte que les petits enfants peuvent \u00eatre s\u00e9par\u00e9s des autres \u00e9tudiants.<br>Le complexe offre \u00e9galement un syst\u00e8me de transport pour les \u00e9tudiants, qui passe par des points sp\u00e9cifiques dans les quartiers.<\/p>\n\n\n\n<p class=\"has-large-font-size\">Le d\u00e9veloppement personnel<\/p>\n\n\n\n<p class=\"has-medium-font-size\">Dans un souci de prise en charge psychologique des enfants, nous avons allou\u00e9 des actions sp\u00e9ciales de d\u00e9veloppement personnel avec un sp\u00e9cialiste dans ce domaine qui poss\u00e8de un certificat de formation sp\u00e9cialis\u00e9, permettant l&rsquo;\u00e9ducation de l&rsquo;enfant, la promotion de sa personnalit\u00e9 et son ad\u00e9quation avec la vie sociale.<\/p>\n\n\n\n<p class=\"has-large-font-size\">Uniforme<\/p>\n\n\n\n<p class=\"has-medium-font-size\">Dans nos \u00e9coles, nous utilisons un uniforme pour les \u00e9l\u00e8ves \u00e0 tous les niveaux, ce qui les distingue des autres \u00e9l\u00e8ves.<br>Il est synonyme de tradition et d\u2019appartenance, mais aussi de statut et de prestige.<\/p>\n","protected":false},"excerpt":{"rendered":"<p>Afin de fournir un service \u00e9ducatif solide, le complexe propose un certain nombre de services pour accompagner les \u00e9l\u00e8ves et assurer leur confort, afin de s&rsquo;assurer que les parents b\u00e9n\u00e9ficient d&rsquo;une prise en charge compl\u00e8te de leurs enfants, d\u00e8s leur arriv\u00e9e dans nos \u00e9coles jusqu&rsquo;\u00e0 leur d\u00e9part. Notre devoir professionnel d&rsquo;une part, et notre engagement<\/p>\n<a href=\"https:\/\/www.achbelrezig.com\/fr\/les-services\/\" class=\"btn frontech-btn\"><span><\/span>Voir plus<\/a>","protected":false},"author":1,"featured_media":0,"parent":0,"menu_order":0,"comment_status":"closed","ping_status":"closed","template":"page-fullwidth.php","meta":[],"_links":{"self":[{"href":"https:\/\/www.achbelrezig.com\/fr\/wp-json\/wp\/v2\/pages\/100"}],"collection":[{"href":"https:\/\/www.achbelrezig.com\/fr\/wp-json\/wp\/v2\/pages"}],"about":[{"href":"https:\/\/www.achbelrezig.com\/fr\/wp-json\/wp\/v2\/types\/page"}],"author":[{"embeddable":true,"href":"https:\/\/www.achbelrezig.com\/fr\/wp-json\/wp\/v2\/users\/1"}],"replies":[{"embeddable":true,"href":"https:\/\/www.achbelrezig.com\/fr\/wp-json\/wp\/v2\/comments?post=100"}],"version-history":[{"count":4,"href":"https:\/\/www.achbelrezig.com\/fr\/wp-json\/wp\/v2\/pages\/100\/revisions"}],"predecessor-version":[{"id":150,"href":"https:\/\/www.achbelrezig.com\/fr\/wp-json\/wp\/v2\/pages\/100\/revisions\/150"}],"wp:attachment":[{"href":"https:\/\/www.achbelrezig.com\/fr\/wp-json\/wp\/v2\/media?parent=100"}],"curies":[{"name":"wp","href":"https:\/\/api.w.org\/{rel}","templated":true}]}}