{"id":92,"date":"2020-07-22T16:30:45","date_gmt":"2020-07-22T14:30:45","guid":{"rendered":"https:\/\/www.achbelrezig.com\/fr\/?page_id=92"},"modified":"2020-07-22T16:31:48","modified_gmt":"2020-07-22T14:31:48","slug":"les-programmes","status":"publish","type":"page","link":"https:\/\/www.achbelrezig.com\/fr\/les-programmes\/","title":{"rendered":"Les programmes"},"content":{"rendered":"\n<p class=\"has-large-font-size\">Les programmes \u00e9ducatifs<\/p>\n\n\n\n<p class=\"has-medium-font-size\">Nos programmes \u00e9ducatifs r\u00e9pondent pleinement aux conditions du cahier des charges fix\u00e9es par le Minist\u00e8re de l&rsquo;\u00c9ducation Nationale, ce qui garantit que d&rsquo;une part l&rsquo;\u00e9tudiant est pleinement pr\u00e9par\u00e9 \u00e0 passer les examens interm\u00e9diaires, et d&rsquo;autre part il est possible pour l&rsquo;\u00e9tudiant qui souhaite retourner \u00e0 l&rsquo;enseignement g\u00e9n\u00e9ral d&rsquo;\u00eatre pleinement appropri\u00e9.<br>En plus de cela, nos programmes \u00e9ducatifs contiennent des \u00e9l\u00e9ments suppl\u00e9mentaires qui ont \u00e9t\u00e9 soigneusement d\u00e9velopp\u00e9s afin de fournir une \u00e9ducation de haute qualit\u00e9, qui fait de nos \u00e9coles une r\u00e9f\u00e9rence occupant une position respectable de tous, et souligne \u00e9galement l&rsquo;importance que nous attachons \u00e0 la construction de la personnalit\u00e9 de l&rsquo;\u00e9l\u00e8ve qui sera l&rsquo;homme du futur. Ainsi, nous contribuons \u00e0 b\u00e2tir la soci\u00e9t\u00e9 que nous voulons.<\/p>\n\n\n\n<p>Chaque travailleur du complexe veille \u00e0 cela et l&rsquo;administration accueille tous vos commentaires et demandes afin d&rsquo;y r\u00e9pondre en temps opportun, et votre satisfaction est notre objectif le plus \u00e9lev\u00e9.<\/p>\n","protected":false},"excerpt":{"rendered":"<p>Les programmes \u00e9ducatifs Nos programmes \u00e9ducatifs r\u00e9pondent pleinement aux conditions du cahier des charges fix\u00e9es par le Minist\u00e8re de l&rsquo;\u00c9ducation Nationale, ce qui garantit que d&rsquo;une part l&rsquo;\u00e9tudiant est pleinement pr\u00e9par\u00e9 \u00e0 passer les examens interm\u00e9diaires, et d&rsquo;autre part il est possible pour l&rsquo;\u00e9tudiant qui souhaite retourner \u00e0 l&rsquo;enseignement g\u00e9n\u00e9ral d&rsquo;\u00eatre pleinement appropri\u00e9.En plus de<\/p>\n<a href=\"https:\/\/www.achbelrezig.com\/fr\/les-programmes\/\" class=\"btn frontech-btn\"><span><\/span>Voir plus<\/a>","protected":false},"author":1,"featured_media":0,"parent":0,"menu_order":0,"comment_status":"closed","ping_status":"closed","template":"page-fullwidth.php","meta":[],"_links":{"self":[{"href":"https:\/\/www.achbelrezig.com\/fr\/wp-json\/wp\/v2\/pages\/92"}],"collection":[{"href":"https:\/\/www.achbelrezig.com\/fr\/wp-json\/wp\/v2\/pages"}],"about":[{"href":"https:\/\/www.achbelrezig.com\/fr\/wp-json\/wp\/v2\/types\/page"}],"author":[{"embeddable":true,"href":"https:\/\/www.achbelrezig.com\/fr\/wp-json\/wp\/v2\/users\/1"}],"replies":[{"embeddable":true,"href":"https:\/\/www.achbelrezig.com\/fr\/wp-json\/wp\/v2\/comments?post=92"}],"version-history":[{"count":1,"href":"https:\/\/www.achbelrezig.com\/fr\/wp-json\/wp\/v2\/pages\/92\/revisions"}],"predecessor-version":[{"id":93,"href":"https:\/\/www.achbelrezig.com\/fr\/wp-json\/wp\/v2\/pages\/92\/revisions\/93"}],"wp:attachment":[{"href":"https:\/\/www.achbelrezig.com\/fr\/wp-json\/wp\/v2\/media?parent=92"}],"curies":[{"name":"wp","href":"https:\/\/api.w.org\/{rel}","templated":true}]}}